{"id":113,"date":"2021-05-03T13:29:33","date_gmt":"2021-05-03T13:29:33","guid":{"rendered":"https:\/\/elegin.desarrollovite.com\/?page_id=113"},"modified":"2026-01-16T08:39:58","modified_gmt":"2026-01-16T08:39:58","slug":"elegindarrak","status":"publish","type":"page","link":"https:\/\/www.elegin.eus\/es\/elegindarrak\/","title":{"rendered":"Elegindarrak"},"content":{"rendered":"\t\t<div data-elementor-type=\"wp-page\" data-elementor-id=\"113\" class=\"elementor elementor-113\" data-elementor-post-type=\"page\">\n\t\t\t\t<div class=\"elementor-element elementor-element-e2b1b3c e-flex e-con-boxed e-con e-parent\" data-id=\"e2b1b3c\" data-element_type=\"container\" data-e-type=\"container\" data-settings=\"{&quot;background_background&quot;:&quot;classic&quot;}\">\n\t\t\t\t\t<div class=\"e-con-inner\">\n\t\t<div class=\"elementor-element elementor-element-34e41f5 e-con-full e-flex e-con e-child\" data-id=\"34e41f5\" data-element_type=\"container\" data-e-type=\"container\">\n\t\t\t\t<div class=\"elementor-element elementor-element-f9b1a25 elementor-widget-divider--view-line elementor-widget elementor-widget-divider\" data-id=\"f9b1a25\" data-element_type=\"widget\" data-e-type=\"widget\" data-widget_type=\"divider.default\">\n\t\t\t\t<div class=\"elementor-widget-container\">\n\t\t\t\t\t\t\t<div class=\"elementor-divider\">\n\t\t\t<span class=\"elementor-divider-separator\">\n\t\t\t\t\t\t<\/span>\n\t\t<\/div>\n\t\t\t\t\t\t<\/div>\n\t\t\t\t<\/div>\n\t\t\t\t<div class=\"elementor-element elementor-element-ce3bf20 elementor-widget elementor-widget-heading\" data-id=\"ce3bf20\" data-element_type=\"widget\" data-e-type=\"widget\" data-widget_type=\"heading.default\">\n\t\t\t\t<div class=\"elementor-widget-container\">\n\t\t\t\t\t<h1 class=\"elementor-heading-title elementor-size-default\">\u00bfPor qu\u00e9 creamos Elegin?<\/h1>\t\t\t\t<\/div>\n\t\t\t\t<\/div>\n\t\t\t\t<div class=\"elementor-element elementor-element-e40f598 elementor-widget elementor-widget-text-editor\" data-id=\"e40f598\" data-element_type=\"widget\" data-e-type=\"widget\" data-widget_type=\"text-editor.default\">\n\t\t\t\t<div class=\"elementor-widget-container\">\n\t\t\t\t\t\t\t\t\t<p>Creamos Elegin en 2023 con la intenci\u00f3n de dar una visi\u00f3n fresca e innovadora al mundo del euskera. Somos una empresa especializada en servicios profesionales de integraci\u00f3n y normalizaci\u00f3n del euskera para ayudar a instituciones p\u00fablicas y privadas a conseguir un uso m\u00e1s eficiente, natural y sostenible del euskera.<\/p><p>Somos un grupo peque\u00f1o pero muy especializado, lo que nos permite trabajar con flexibilidad, cercan\u00eda y gran capacidad de adaptaci\u00f3n. Combinamos rigor socioling\u00fc\u00edstico, experiencia pr\u00e1ctica y mirada pedag\u00f3gico-creativa para ofrecer soluciones completas.<\/p>\t\t\t\t\t\t\t\t<\/div>\n\t\t\t\t<\/div>\n\t\t\t\t<\/div>\n\t\t<div class=\"elementor-element elementor-element-1a86de4 e-con-full e-flex e-con e-child\" data-id=\"1a86de4\" data-element_type=\"container\" data-e-type=\"container\">\n\t\t\t\t<div class=\"elementor-element elementor-element-9980b5e elementor-widget elementor-widget-image\" data-id=\"9980b5e\" data-element_type=\"widget\" data-e-type=\"widget\" data-widget_type=\"image.default\">\n\t\t\t\t<div class=\"elementor-widget-container\">\n\t\t\t\t\t\t\t\t\t\t\t\t\t\t\t<img fetchpriority=\"high\" decoding=\"async\" width=\"500\" height=\"500\" src=\"https:\/\/www.elegin.eus\/wp-content\/uploads\/2025\/11\/Ilustracion-elegindarrak-elegin-euskara-zerbitzua.png\" class=\"attachment-full size-full wp-image-2287\" alt=\"\" srcset=\"https:\/\/www.elegin.eus\/wp-content\/uploads\/2025\/11\/Ilustracion-elegindarrak-elegin-euskara-zerbitzua.png 500w, https:\/\/www.elegin.eus\/wp-content\/uploads\/2025\/11\/Ilustracion-elegindarrak-elegin-euskara-zerbitzua-300x300.png 300w, https:\/\/www.elegin.eus\/wp-content\/uploads\/2025\/11\/Ilustracion-elegindarrak-elegin-euskara-zerbitzua-150x150.png 150w\" sizes=\"(max-width: 500px) 100vw, 500px\">\t\t\t\t\t\t\t\t\t\t\t\t\t\t\t<\/div>\n\t\t\t\t<\/div>\n\t\t\t\t<\/div>\n\t\t\t\t\t<\/div>\n\t\t\t\t<\/div>\n\t\t<div class=\"elementor-element elementor-element-de1bfd7 e-flex e-con-boxed e-con e-parent\" data-id=\"de1bfd7\" data-element_type=\"container\" data-e-type=\"container\" data-settings=\"{&quot;background_background&quot;:&quot;classic&quot;}\">\n\t\t\t\t\t<div class=\"e-con-inner\">\n\t\t<div class=\"elementor-element elementor-element-c4bae43 e-con-full e-flex e-con e-child\" data-id=\"c4bae43\" data-element_type=\"container\" data-e-type=\"container\" data-settings=\"{&quot;background_background&quot;:&quot;classic&quot;}\">\n\t\t\t\t<div class=\"elementor-element elementor-element-60446f2 elementor-widget elementor-widget-image\" data-id=\"60446f2\" data-element_type=\"widget\" data-e-type=\"widget\" data-widget_type=\"image.default\">\n\t\t\t\t<div class=\"elementor-widget-container\">\n\t\t\t\t\t\t\t\t\t\t\t\t\t\t\t<img decoding=\"async\" width=\"1200\" height=\"1800\" src=\"https:\/\/www.elegin.eus\/wp-content\/uploads\/2025\/12\/ainara-elegindarrak-elegin-euskara-zerbitzua.jpg\" class=\"attachment-full size-full wp-image-4450\" alt=\"\" srcset=\"https:\/\/www.elegin.eus\/wp-content\/uploads\/2025\/12\/ainara-elegindarrak-elegin-euskara-zerbitzua.jpg 1200w, https:\/\/www.elegin.eus\/wp-content\/uploads\/2025\/12\/ainara-elegindarrak-elegin-euskara-zerbitzua-200x300.jpg 200w, https:\/\/www.elegin.eus\/wp-content\/uploads\/2025\/12\/ainara-elegindarrak-elegin-euskara-zerbitzua-683x1024.jpg 683w, https:\/\/www.elegin.eus\/wp-content\/uploads\/2025\/12\/ainara-elegindarrak-elegin-euskara-zerbitzua-768x1152.jpg 768w, https:\/\/www.elegin.eus\/wp-content\/uploads\/2025\/12\/ainara-elegindarrak-elegin-euskara-zerbitzua-1024x1536.jpg 1024w\" sizes=\"(max-width: 1200px) 100vw, 1200px\">\t\t\t\t\t\t\t\t\t\t\t\t\t\t\t<\/div>\n\t\t\t\t<\/div>\n\t\t\t\t<\/div>\n\t\t<div class=\"elementor-element elementor-element-333d63c e-con-full e-flex e-con e-child\" data-id=\"333d63c\" data-element_type=\"container\" data-e-type=\"container\" data-settings=\"{&quot;background_background&quot;:&quot;classic&quot;}\">\n\t\t\t\t<div class=\"elementor-element elementor-element-b663d0f elementor-widget elementor-widget-heading\" data-id=\"b663d0f\" data-element_type=\"widget\" data-e-type=\"widget\" data-widget_type=\"heading.default\">\n\t\t\t\t<div class=\"elementor-widget-container\">\n\t\t\t\t\t<h2 class=\"elementor-heading-title elementor-size-default\">Ainara<\/h2>\t\t\t\t<\/div>\n\t\t\t\t<\/div>\n\t\t\t\t<div class=\"elementor-element elementor-element-6fbd66c elementor-widget elementor-widget-text-editor\" data-id=\"6fbd66c\" data-element_type=\"widget\" data-e-type=\"widget\" data-widget_type=\"text-editor.default\">\n\t\t\t\t<div class=\"elementor-widget-container\">\n\t\t\t\t\t\t\t\t\t<p>Estructura y mirada ling\u00fc\u00edstica<\/p>\t\t\t\t\t\t\t\t<\/div>\n\t\t\t\t<\/div>\n\t\t\t\t<div class=\"elementor-element elementor-element-c05d781 elementor-widget elementor-widget-text-editor\" data-id=\"c05d781\" data-element_type=\"widget\" data-e-type=\"widget\" data-widget_type=\"text-editor.default\">\n\t\t\t\t<div class=\"elementor-widget-container\">\n\t\t\t\t\t\t\t\t\t<p>Siempre est\u00e1 pendiente de que cada proyecto avance con orden y que los resultados se noten. Formada en Filolog\u00eda Vasca y planificaci\u00f3n ling\u00fc\u00edstica, combina organizaci\u00f3n y resoluci\u00f3n con su pasi\u00f3n por el euskera. Disfruta ayudando a las personas para que la lengua forme parte de su d\u00eda a d\u00eda de manera natural y cercana.<\/p><p>Organizada y perfeccionista aporta claridad y estructura al equipo. Le gusta dar vueltas a las ideas y explorar distintas perspectivas, sin perder nunca la sonrisa.<\/p>\t\t\t\t\t\t\t\t<\/div>\n\t\t\t\t<\/div>\n\t\t\t\t<\/div>\n\t\t\t\t\t<\/div>\n\t\t\t\t<\/div>\n\t\t<div class=\"elementor-element elementor-element-d1f950b e-flex e-con-boxed e-con e-parent\" data-id=\"d1f950b\" data-element_type=\"container\" data-e-type=\"container\" data-settings=\"{&quot;background_background&quot;:&quot;classic&quot;}\">\n\t\t\t\t\t<div class=\"e-con-inner\">\n\t\t<div class=\"elementor-element elementor-element-e4c20ae e-con-full e-flex e-con e-child\" data-id=\"e4c20ae\" data-element_type=\"container\" data-e-type=\"container\" data-settings=\"{&quot;background_background&quot;:&quot;classic&quot;}\">\n\t\t\t\t<div class=\"elementor-element elementor-element-9835227 elementor-widget elementor-widget-heading\" data-id=\"9835227\" data-element_type=\"widget\" data-e-type=\"widget\" data-widget_type=\"heading.default\">\n\t\t\t\t<div class=\"elementor-widget-container\">\n\t\t\t\t\t<h2 class=\"elementor-heading-title elementor-size-default\">Ainhoa<\/h2>\t\t\t\t<\/div>\n\t\t\t\t<\/div>\n\t\t\t\t<div class=\"elementor-element elementor-element-6432621 elementor-widget elementor-widget-text-editor\" data-id=\"6432621\" data-element_type=\"widget\" data-e-type=\"widget\" data-widget_type=\"text-editor.default\">\n\t\t\t\t<div class=\"elementor-widget-container\">\n\t\t\t\t\t\t\t\t\t<p>Gesti\u00f3n con mirada creativa<\/p>\t\t\t\t\t\t\t\t<\/div>\n\t\t\t\t<\/div>\n\t\t\t\t<div class=\"elementor-element elementor-element-65d106d elementor-widget elementor-widget-text-editor\" data-id=\"65d106d\" data-element_type=\"widget\" data-e-type=\"widget\" data-widget_type=\"text-editor.default\">\n\t\t\t\t<div class=\"elementor-widget-container\">\n\t\t\t\t\t\t\t\t\t<p><span style=\"color: #392f2f;\">Siempre anda de un lado a otro, y si no la ves, seguro est\u00e1 buscando ideas en alg\u00fan rinc\u00f3n\u2026 o tomando caf\u00e9.<\/span><\/p><p><span style=\"color: #392f2f;\">Su formaci\u00f3n en Administraci\u00f3n y Direcci\u00f3n de Empresas le da las herramientas para poner orden, pero es su pasi\u00f3n creativa la que pone el brillo. Le gusta aportar ese toque especial a cada proyecto y, al mismo tiempo, se encarga de la parte comercial y de la contabilidad. M\u00e1s introvertida, transmite calma, frescura y equilibrio al equipo. Entre n\u00fameros y estrategia, siempre aporta una mirada original.<\/span><\/p>\t\t\t\t\t\t\t\t<\/div>\n\t\t\t\t<\/div>\n\t\t\t\t<\/div>\n\t\t<div class=\"elementor-element elementor-element-8871ac0 e-con-full e-flex e-con e-child\" data-id=\"8871ac0\" data-element_type=\"container\" data-e-type=\"container\" data-settings=\"{&quot;background_background&quot;:&quot;classic&quot;}\">\n\t\t\t\t<div class=\"elementor-element elementor-element-7836954 elementor-widget elementor-widget-image\" data-id=\"7836954\" data-element_type=\"widget\" data-e-type=\"widget\" data-widget_type=\"image.default\">\n\t\t\t\t<div class=\"elementor-widget-container\">\n\t\t\t\t\t\t\t\t\t\t\t\t\t\t\t<img decoding=\"async\" width=\"1200\" height=\"1800\" src=\"https:\/\/www.elegin.eus\/wp-content\/uploads\/2025\/12\/ainhoa-elegindarrak-elegin-euskara-zerbitzua.jpg\" class=\"attachment-full size-full wp-image-4451\" alt=\"\" srcset=\"https:\/\/www.elegin.eus\/wp-content\/uploads\/2025\/12\/ainhoa-elegindarrak-elegin-euskara-zerbitzua.jpg 1200w, https:\/\/www.elegin.eus\/wp-content\/uploads\/2025\/12\/ainhoa-elegindarrak-elegin-euskara-zerbitzua-200x300.jpg 200w, https:\/\/www.elegin.eus\/wp-content\/uploads\/2025\/12\/ainhoa-elegindarrak-elegin-euskara-zerbitzua-683x1024.jpg 683w, https:\/\/www.elegin.eus\/wp-content\/uploads\/2025\/12\/ainhoa-elegindarrak-elegin-euskara-zerbitzua-768x1152.jpg 768w, https:\/\/www.elegin.eus\/wp-content\/uploads\/2025\/12\/ainhoa-elegindarrak-elegin-euskara-zerbitzua-1024x1536.jpg 1024w\" sizes=\"(max-width: 1200px) 100vw, 1200px\">\t\t\t\t\t\t\t\t\t\t\t\t\t\t\t<\/div>\n\t\t\t\t<\/div>\n\t\t\t\t<\/div>\n\t\t\t\t\t<\/div>\n\t\t\t\t<\/div>\n\t\t<div class=\"elementor-element elementor-element-efa7a01 e-flex e-con-boxed e-con e-parent\" data-id=\"efa7a01\" data-element_type=\"container\" data-e-type=\"container\" data-settings=\"{&quot;background_background&quot;:&quot;classic&quot;}\">\n\t\t\t\t\t<div class=\"e-con-inner\">\n\t\t<div class=\"elementor-element elementor-element-7ffeb9a e-con-full e-flex e-con e-child\" data-id=\"7ffeb9a\" data-element_type=\"container\" data-e-type=\"container\">\n\t\t\t\t<div class=\"elementor-element elementor-element-8abc2a8 elementor-widget elementor-widget-heading\" data-id=\"8abc2a8\" data-element_type=\"widget\" data-e-type=\"widget\" data-widget_type=\"heading.default\">\n\t\t\t\t<div class=\"elementor-widget-container\">\n\t\t\t\t\t<h2 class=\"elementor-heading-title elementor-size-default\">Nuestro idioma es para comunicarse<br \/>\n\u00bfhablamos?<\/h2>\t\t\t\t<\/div>\n\t\t\t\t<\/div>\n\t\t\t\t<\/div>\n\t\t<div class=\"elementor-element elementor-element-c2c1b6d e-con-full e-flex e-con e-child\" data-id=\"c2c1b6d\" data-element_type=\"container\" data-e-type=\"container\">\n\t\t\t\t<div class=\"elementor-element elementor-element-d44477e elementor-button-align-stretch elementor-widget elementor-widget-form\" data-id=\"d44477e\" data-element_type=\"widget\" data-e-type=\"widget\" data-settings=\"{&quot;button_width&quot;:&quot;25&quot;,&quot;step_next_label&quot;:&quot;Siguiente&quot;,&quot;step_previous_label&quot;:&quot;Anterior&quot;,&quot;step_type&quot;:&quot;number_text&quot;,&quot;step_icon_shape&quot;:&quot;circle&quot;}\" data-widget_type=\"form.default\">\n\t\t\t\t<div class=\"elementor-widget-container\">\n\t\t\t\t\t\t\t<form class=\"elementor-form\" method=\"post\" name=\"Nuevo formulario\" aria-label=\"Nuevo formulario\">\n\t\t\t<input type=\"hidden\" name=\"post_id\" value=\"113\"\/>\n\t\t\t<input type=\"hidden\" name=\"form_id\" value=\"d44477e\"\/>\n\t\t\t<input type=\"hidden\" name=\"referer_title\" value=\"Elegindarrak - Elegin Euskara Zerbitzua\" \/>\n\n\t\t\t\t\t\t\t<input type=\"hidden\" name=\"queried_id\" value=\"113\"\/>\n\t\t\t\n\t\t\t<div class=\"elementor-form-fields-wrapper elementor-labels-\">\n\t\t\t\t\t\t\t\t<div class=\"elementor-field-type-text elementor-field-group elementor-column elementor-field-group-name elementor-col-25 elementor-field-required\">\n\t\t\t\t\t\t\t\t\t\t\t\t<label for=\"form-field-name\" class=\"elementor-field-label elementor-screen-only\">\n\t\t\t\t\t\t\t\tNombre\t\t\t\t\t\t\t<\/label>\n\t\t\t\t\t\t\t\t\t\t\t\t\t\t<input size=\"1\" type=\"text\" name=\"form_fields[name]\" id=\"form-field-name\" class=\"elementor-field elementor-size-sm  elementor-field-textual\" placeholder=\"Nombre\" required=\"required\">\n\t\t\t\t\t\t\t\t\t\t\t<\/div>\n\t\t\t\t\t\t\t\t<div class=\"elementor-field-type-email elementor-field-group elementor-column elementor-field-group-email elementor-col-25 elementor-field-required\">\n\t\t\t\t\t\t\t\t\t\t\t\t<label for=\"form-field-email\" class=\"elementor-field-label elementor-screen-only\">\n\t\t\t\t\t\t\t\tCorreo electr\u00f3nico\t\t\t\t\t\t\t<\/label>\n\t\t\t\t\t\t\t\t\t\t\t\t\t\t<input size=\"1\" type=\"email\" name=\"form_fields[email]\" id=\"form-field-email\" class=\"elementor-field elementor-size-sm  elementor-field-textual\" placeholder=\"Email\" required=\"required\">\n\t\t\t\t\t\t\t\t\t\t\t<\/div>\n\t\t\t\t\t\t\t\t<div class=\"elementor-field-type-tel elementor-field-group elementor-column elementor-field-group-field_851fe1c elementor-col-25\">\n\t\t\t\t\t\t\t<input size=\"1\" type=\"tel\" name=\"form_fields[field_851fe1c]\" id=\"form-field-field_851fe1c\" class=\"elementor-field elementor-size-sm  elementor-field-textual\" placeholder=\"Tel\u00e9fono\" pattern=\"[0-9()#&amp;+*-=.]+\" title=\"Solo se aceptan n\u00fameros y caracteres de tel\u00e9fono (#,-,*,etc).\">\n\n\t\t\t\t\t\t<\/div>\n\t\t\t\t\t\t\t\t<div class=\"elementor-field-group elementor-column elementor-field-type-submit elementor-col-25 e-form__buttons\">\n\t\t\t\t\t<button class=\"elementor-button elementor-size-sm\" type=\"submit\">\n\t\t\t\t\t\t<span class=\"elementor-button-content-wrapper\">\n\t\t\t\t\t\t\t\t\t\t\t\t\t\t\t\t\t\t\t\t\t\t<span class=\"elementor-button-text\">Te llamamos<\/span>\n\t\t\t\t\t\t\t\t\t\t\t\t\t<\/span>\n\t\t\t\t\t<\/button>\n\t\t\t\t<\/div>\n\t\t\t<\/div>\n\t\t<\/form>\n\t\t\t\t\t\t<\/div>\n\t\t\t\t<\/div>\n\t\t\t\t<\/div>\n\t\t\t\t\t<\/div>\n\t\t\t\t<\/div>\n\t\t\t\t<\/div>\n\t\t","protected":false},"excerpt":{"rendered":"<p>\u00bfPor qu\u00e9 creamos Elegin? Creamos Elegin en 2023 con la intenci\u00f3n de dar una visi\u00f3n fresca e innovadora al mundo del euskera. Somos una empresa especializada en servicios profesionales de integraci\u00f3n y normalizaci\u00f3n del euskera para ayudar a instituciones p\u00fablicas y privadas a conseguir un uso m\u00e1s eficiente, natural y sostenible del euskera. Somos un [&hellip;]<\/p>\n","protected":false},"author":1,"featured_media":0,"parent":0,"menu_order":0,"comment_status":"closed","ping_status":"closed","template":"","meta":{"site-sidebar-layout":"no-sidebar","site-content-layout":"page-builder","ast-site-content-layout":"full-width-container","site-content-style":"unboxed","site-sidebar-style":"unboxed","ast-global-header-display":"","ast-banner-title-visibility":"","ast-main-header-display":"","ast-hfb-above-header-display":"","ast-hfb-below-header-display":"","ast-hfb-mobile-header-display":"","site-post-title":"disabled","ast-breadcrumbs-content":"","ast-featured-img":"disabled","footer-sml-layout":"","theme-transparent-header-meta":"enabled","adv-header-id-meta":"","stick-header-meta":"","header-above-stick-meta":"","header-main-stick-meta":"","header-below-stick-meta":"","astra-migrate-meta-layouts":"set","ast-page-background-enabled":"default","ast-page-background-meta":{"desktop":{"background-color":"","background-image":"","background-repeat":"repeat","background-position":"center center","background-size":"auto","background-attachment":"scroll","background-type":"","background-media":"","overlay-type":"","overlay-color":"","overlay-opacity":"","overlay-gradient":""},"tablet":{"background-color":"","background-image":"","background-repeat":"repeat","background-position":"center center","background-size":"auto","background-attachment":"scroll","background-type":"","background-media":"","overlay-type":"","overlay-color":"","overlay-opacity":"","overlay-gradient":""},"mobile":{"background-color":"","background-image":"","background-repeat":"repeat","background-position":"center center","background-size":"auto","background-attachment":"scroll","background-type":"","background-media":"","overlay-type":"","overlay-color":"","overlay-opacity":"","overlay-gradient":""}},"ast-content-background-meta":{"desktop":{"background-color":"var(--ast-global-color-5)","background-image":"","background-repeat":"repeat","background-position":"center center","background-size":"auto","background-attachment":"scroll","background-type":"","background-media":"","overlay-type":"","overlay-color":"","overlay-opacity":"","overlay-gradient":""},"tablet":{"background-color":"var(--ast-global-color-5)","background-image":"","background-repeat":"repeat","background-position":"center center","background-size":"auto","background-attachment":"scroll","background-type":"","background-media":"","overlay-type":"","overlay-color":"","overlay-opacity":"","overlay-gradient":""},"mobile":{"background-color":"var(--ast-global-color-5)","background-image":"","background-repeat":"repeat","background-position":"center center","background-size":"auto","background-attachment":"scroll","background-type":"","background-media":"","overlay-type":"","overlay-color":"","overlay-opacity":"","overlay-gradient":""}},"footnotes":""},"class_list":["post-113","page","type-page","status-publish","hentry"],"_links":{"self":[{"href":"https:\/\/www.elegin.eus\/es\/wp-json\/wp\/v2\/pages\/113","targetHints":{"allow":["GET"]}}],"collection":[{"href":"https:\/\/www.elegin.eus\/es\/wp-json\/wp\/v2\/pages"}],"about":[{"href":"https:\/\/www.elegin.eus\/es\/wp-json\/wp\/v2\/types\/page"}],"author":[{"embeddable":true,"href":"https:\/\/www.elegin.eus\/es\/wp-json\/wp\/v2\/users\/1"}],"replies":[{"embeddable":true,"href":"https:\/\/www.elegin.eus\/es\/wp-json\/wp\/v2\/comments?post=113"}],"version-history":[{"count":301,"href":"https:\/\/www.elegin.eus\/es\/wp-json\/wp\/v2\/pages\/113\/revisions"}],"predecessor-version":[{"id":4818,"href":"https:\/\/www.elegin.eus\/es\/wp-json\/wp\/v2\/pages\/113\/revisions\/4818"}],"wp:attachment":[{"href":"https:\/\/www.elegin.eus\/es\/wp-json\/wp\/v2\/media?parent=113"}],"curies":[{"name":"wp","href":"https:\/\/api.w.org\/{rel}","templated":true}]}}